{"id":546905,"date":"2014-10-07T08:59:15","date_gmt":"2014-10-07T06:59:15","guid":{"rendered":"http:\/\/berliner-schloss.de\/?page_id=546905"},"modified":"2015-06-16T14:09:57","modified_gmt":"2015-06-16T14:09:57","slug":"contre-arguments-contre-la-reconstruction","status":"publish","type":"page","link":"https:\/\/berliner-schloss.de\/fr\/debat-chateau-contre-palais\/contre-arguments-contre-la-reconstruction\/","title":{"rendered":"CONTRE : Arguments contre la reconstruction"},"content":{"rendered":"<div class=\"wpb-content-wrapper\"><p>[vc_row][vc_column][vc_column_text]<\/p>\n<h1>Les arguments contre la reconstruction du ch\u00e2teau de Berlin<\/h1>\n<p>[\/vc_column_text][vc_row_inner][vc_column_inner width=&#8221;2\/3&#8243;][vc_column_text]<strong>Le Bundestag s\u2019est prononc\u00e9 le 4 juillet 2002 en faveur du ch\u00e2teau. Cependant il est important de conna\u00eetre les principaux arguments des d\u00e9tracteurs du projet, car on doit y pr\u00eater attention et, ce de mani\u00e8re constructive.<\/strong>[\/vc_column_text][\/vc_column_inner][vc_column_inner width=&#8221;1\/3&#8243;][vc_single_image image=&#8221;548694&#8243; alignment=&#8221;center&#8221; border_color=&#8221;grey&#8221; img_link_large=&#8221;yes&#8221; img_link_target=&#8221;_self&#8221; img_size=&#8221;full&#8221;][\/vc_column_inner][\/vc_row_inner][vc_column_text]<\/p>\n<ol dir=\"ltr\">\n<li>Notre \u00e9poque se doit de se pr\u00e9senter aux g\u00e9n\u00e9rations suivantes par son propre langage architectural. Une reconstruction de monuments disparus appara\u00eet comme une pauvret\u00e9 d\u2019esprit et surtout comme une volont\u00e9 de retourner en arri\u00e8re.<\/li>\n<li>Sans pr\u00e9cision de concepts d\u2019utilisation et de financement, il ne peut y avoir de d\u00e9cision architecturale. Elle doit \u00eatre le reflet de la vocation de l\u2019\u00e9difice. De nombreuses manifestations de la d\u00e9mocratie sont impensables dans une copie de ch\u00e2teau, il appartient dor\u00e9navant au pass\u00e9.<\/li>\n<li>Un concours entre les meilleurs architectes du monde am\u00e8nera \u00e0 penser que la n\u00e9cessit\u00e9 de reconstruire le ch\u00e2teau est absurde.<\/li>\n<li>Si malgr\u00e9 tout aucun concept d\u2019architecture moderne convaincant n\u2019est retenu, il vaut mieux laisser d\u00e9cider la prochaine g\u00e9n\u00e9ration. \u00ab Si nous n\u2019avons pas aujourd\u2019hui la capacit\u00e9 intellectuelle de restaurer la Schlossplatz en ad\u00e9quation avec notre temps, cela n\u2019est pas pour autant une raison valable de vouloir reconstruire le ch\u00e2teau \u00bb.<\/li>\n<li>La reconstruction du ch\u00e2teau n\u2019est pas r\u00e9alisable d\u2019un point de vue artistique, le r\u00e9sultat serait un faux, pire un pur Disneyland.<\/li>\n<li>Le Palais de la R\u00e9publique est devenu un monument avec une forte identification et de qualit\u00e9 historique par son histoire h\u00e9t\u00e9roclite et par une grande acceptation par la population de la RDA qui s\u2019y est identifi\u00e9e. La disparition du palais ne doit pas se substituer au d\u00e9shonneur de la d\u00e9molition du ch\u00e2teau. L\u2019histoire ne doit pas se r\u00e9p\u00e9ter\u2026<\/li>\n<li>Ce projet de reconstruction doit \u00eatre financ\u00e9 avec des moyens publics pour \u00e9viter toute influence de capitaux priv\u00e9s dans son utilisation. Connaissant la situation actuelle des caisses de l\u2019Etat il vaut mieux reporter \u00e0 plus tard. \u00ab Seul l\u2019argent public est un argent convenable pour emp\u00eacher la commercialisation de ce lieu \u00bb (Franziska Eichst\u00e4dt-Bohlig, MdB, B\u00fcndnis 90 \/ Die Gr\u00fcnen)<\/li>\n<\/ol>\n<p>[\/vc_column_text][vc_row_inner][vc_column_inner width=&#8221;1\/1&#8243;][vc_column_text]<\/p>\n<h2>PS: Compl\u00e9ment<\/h2>\n<p>[\/vc_column_text][\/vc_column_inner][\/vc_row_inner][vc_row_inner][vc_column_inner width=&#8221;5\/6&#8243;][vc_column_text]Pendant le travail de la commission Historische Mitte Berlin 2000-2002, des opposants \u00e0 la reconstruction du ch\u00e2teau ont \u00e9t\u00e9 convaincus.<\/p>\n<p>Ils argumentent maintenant diff\u00e9remment :[\/vc_column_text][\/vc_column_inner][vc_column_inner width=&#8221;1\/6&#8243;][vc_single_image image=&#8221;548695&#8243; alignment=&#8221;center&#8221; border_color=&#8221;grey&#8221; img_link_large=&#8221;yes&#8221; img_link_target=&#8221;_self&#8221; img_size=&#8221;full&#8221;][\/vc_column_inner][\/vc_row_inner][vc_column_text]<\/p>\n<ol>\n<li dir=\"ltr\">Un concours d\u2019architectes, o\u00f9 une \u201eparticipation de Schl\u00fcter\u201d est \u00e0 pr\u00e9voir, doit \u00eatre entrepris. Apr\u00e8s on verra !<\/li>\n<li dir=\"ltr\">Le centre historique de Berlin va pouvoir retrouver son ancienne importance architecturale par le seul ch\u00e2teau reconstruit.<\/li>\n<li dir=\"ltr\">Le ch\u00e2teau \u00e9tait le monument le plus important de Berlin, une \u0153uvre exceptionnelle. La reconstruction doit \u00eatre r\u00e9alis\u00e9e avec le plus d\u2019efforts possibles, m\u00e9thodiquement pi\u00e8ce apr\u00e8s pi\u00e8ce.<\/li>\n<li dir=\"ltr\">C\u2019est pourquoi le concept doit \u00eatre \u00e9chafaud\u00e9 sur la dur\u00e9e, sur vingt ans au moins. \u201e Si le ch\u00e2teau n\u2019est pas termin\u00e9 en cinq ans, quelque chose s\u2019est mal pass\u00e9\u201d (direction du S\u00e9nat pour la construction dirig\u00e9 par Hans Stimmann). Il ne peut y avoir qu\u2019une utilisation publique, \u201e pas de fa\u00e7ade du ch\u00e2teau devant un centre des congr\u00e8s, un h\u00f4tel, un centre commercial ou des bureaux\u201d.<\/li>\n<\/ol>\n<p>[\/vc_column_text][\/vc_column][\/vc_row]<\/p>\n<\/div>","protected":false},"excerpt":{"rendered":"<p>Les arguments CONTRE la reconstruction du ch&#226;<\/p>\n","protected":false},"author":1,"featured_media":0,"parent":546907,"menu_order":10,"comment_status":"closed","ping_status":"closed","template":"","meta":{"_acf_changed":false,"footnotes":""},"class_list":["post-546905","page","type-page","status-publish","hentry"],"acf":[],"_links":{"self":[{"href":"https:\/\/berliner-schloss.de\/fr\/wp-json\/wp\/v2\/pages\/546905","targetHints":{"allow":["GET"]}}],"collection":[{"href":"https:\/\/berliner-schloss.de\/fr\/wp-json\/wp\/v2\/pages"}],"about":[{"href":"https:\/\/berliner-schloss.de\/fr\/wp-json\/wp\/v2\/types\/page"}],"author":[{"embeddable":true,"href":"https:\/\/berliner-schloss.de\/fr\/wp-json\/wp\/v2\/users\/1"}],"replies":[{"embeddable":true,"href":"https:\/\/berliner-schloss.de\/fr\/wp-json\/wp\/v2\/comments?post=546905"}],"version-history":[{"count":3,"href":"https:\/\/berliner-schloss.de\/fr\/wp-json\/wp\/v2\/pages\/546905\/revisions"}],"predecessor-version":[{"id":550358,"href":"https:\/\/berliner-schloss.de\/fr\/wp-json\/wp\/v2\/pages\/546905\/revisions\/550358"}],"up":[{"embeddable":true,"href":"https:\/\/berliner-schloss.de\/fr\/wp-json\/wp\/v2\/pages\/546907"}],"wp:attachment":[{"href":"https:\/\/berliner-schloss.de\/fr\/wp-json\/wp\/v2\/media?parent=546905"}],"curies":[{"name":"wp","href":"https:\/\/api.w.org\/{rel}","templated":true}]}}